
{"id":11370,"date":"2023-01-11T17:54:49","date_gmt":"2023-01-11T20:54:49","guid":{"rendered":"https:\/\/mindkids.net\/novo\/?post_type=professores&#038;p=11370"},"modified":"2023-01-11T17:59:56","modified_gmt":"2023-01-11T20:59:56","slug":"peterson-salomao-e-alves","status":"publish","type":"professores","link":"https:\/\/mindkids.net\/novo\/professores\/peterson-salomao-e-alves\/","title":{"rendered":"Peterson Salom\u00e3o e Alves"},"content":{"rendered":"<p>Coordenador pedag\u00f3gico da rede p\u00fablica de ensino, p\u00f3s-graduado em Gest\u00e3o Escolar, Psicopedagogia, Educa\u00e7\u00e3o Ambiental e Doc\u00eancia da Medita\u00e7\u00e3o; tem forma\u00e7\u00e3o em Yoga para Crian\u00e7as, Yoga na Escola &amp; Medita\u00e7\u00e3o L\u00fadica pelo M\u00e9todo Yoga com Hist\u00f3rias e, ainda, capacita\u00e7\u00e3o em Mindfulness para Sala de Aula pela <em>MindKids<\/em>. \u00c9 tamb\u00e9m facilitador autorizado de Medita\u00e7\u00f5es Ativas pelo m\u00e9todo Osho Meditation.<\/p>\n","protected":false},"featured_media":11371,"template":"","meta":{"_links_to":"","_links_to_target":""},"bairro-professores":[],"yoast_head":"<!-- This site is optimized with the Yoast SEO plugin v24.5 - https:\/\/yoast.com\/wordpress\/plugins\/seo\/ -->\n<title>Peterson Salom\u00e3o e Alves - MindKids<\/title>\n<meta name=\"robots\" content=\"index, follow, max-snippet:-1, max-image-preview:large, max-video-preview:-1\" \/>\n<link rel=\"canonical\" href=\"https:\/\/mindkids.net\/novo\/professores\/peterson-salomao-e-alves\/\" \/>\n<meta property=\"og:locale\" content=\"pt_BR\" \/>\n<meta property=\"og:type\" content=\"article\" \/>\n<meta property=\"og:title\" content=\"Peterson Salom\u00e3o e Alves - MindKids\" \/>\n<meta property=\"og:description\" content=\"Coordenador pedag\u00f3gico da rede p\u00fablica de ensino, p\u00f3s-graduado em Gest\u00e3o Escolar, Psicopedagogia, Educa\u00e7\u00e3o Ambiental e Doc\u00eancia da Medita\u00e7\u00e3o; tem forma\u00e7\u00e3o em Yoga para Crian\u00e7as, Yoga na Escola &amp; Medita\u00e7\u00e3o L\u00fadica pelo M\u00e9todo Yoga com Hist\u00f3rias e, ainda, capacita\u00e7\u00e3o em Mindfulness para Sala de Aula pela MindKids. \u00c9 tamb\u00e9m facilitador autorizado de Medita\u00e7\u00f5es Ativas pelo m\u00e9todo [&hellip;]\" \/>\n<meta property=\"og:url\" content=\"https:\/\/mindkids.net\/novo\/professores\/peterson-salomao-e-alves\/\" \/>\n<meta property=\"og:site_name\" content=\"MindKids\" \/>\n<meta property=\"article:modified_time\" content=\"2023-01-11T20:59:56+00:00\" \/>\n<meta property=\"og:image\" content=\"https:\/\/mindkids.net\/novo\/wp-content\/uploads\/2023\/01\/PETERSON-SALOMAO.jpg\" \/>\n\t<meta property=\"og:image:width\" content=\"388\" \/>\n\t<meta property=\"og:image:height\" content=\"368\" \/>\n\t<meta property=\"og:image:type\" content=\"image\/jpeg\" \/>\n<meta name=\"twitter:card\" content=\"summary_large_image\" \/>\n<meta name=\"twitter:label1\" content=\"Est. tempo de leitura\" \/>\n\t<meta name=\"twitter:data1\" content=\"1 minuto\" \/>\n<script type=\"application\/ld+json\" class=\"yoast-schema-graph\">{\"@context\":\"https:\/\/schema.org\",\"@graph\":[{\"@type\":\"WebPage\",\"@id\":\"https:\/\/mindkids.net\/novo\/professores\/peterson-salomao-e-alves\/\",\"url\":\"https:\/\/mindkids.net\/novo\/professores\/peterson-salomao-e-alves\/\",\"name\":\"Peterson Salom\u00e3o e Alves - MindKids\",\"isPartOf\":{\"@id\":\"https:\/\/mindkids.net\/novo\/#website\"},\"primaryImageOfPage\":{\"@id\":\"https:\/\/mindkids.net\/novo\/professores\/peterson-salomao-e-alves\/#primaryimage\"},\"image\":{\"@id\":\"https:\/\/mindkids.net\/novo\/professores\/peterson-salomao-e-alves\/#primaryimage\"},\"thumbnailUrl\":\"https:\/\/mindkids.net\/novo\/wp-content\/uploads\/2023\/01\/PETERSON-SALOMAO.jpg\",\"datePublished\":\"2023-01-11T20:54:49+00:00\",\"dateModified\":\"2023-01-11T20:59:56+00:00\",\"breadcrumb\":{\"@id\":\"https:\/\/mindkids.net\/novo\/professores\/peterson-salomao-e-alves\/#breadcrumb\"},\"inLanguage\":\"pt-BR\",\"potentialAction\":[{\"@type\":\"ReadAction\",\"target\":[\"https:\/\/mindkids.net\/novo\/professores\/peterson-salomao-e-alves\/\"]}]},{\"@type\":\"ImageObject\",\"inLanguage\":\"pt-BR\",\"@id\":\"https:\/\/mindkids.net\/novo\/professores\/peterson-salomao-e-alves\/#primaryimage\",\"url\":\"https:\/\/mindkids.net\/novo\/wp-content\/uploads\/2023\/01\/PETERSON-SALOMAO.jpg\",\"contentUrl\":\"https:\/\/mindkids.net\/novo\/wp-content\/uploads\/2023\/01\/PETERSON-SALOMAO.jpg\",\"width\":388,\"height\":368},{\"@type\":\"BreadcrumbList\",\"@id\":\"https:\/\/mindkids.net\/novo\/professores\/peterson-salomao-e-alves\/#breadcrumb\",\"itemListElement\":[{\"@type\":\"ListItem\",\"position\":1,\"name\":\"In\u00edcio\",\"item\":\"https:\/\/mindkids.net\/novo\/\"},{\"@type\":\"ListItem\",\"position\":2,\"name\":\"Professores\",\"item\":\"https:\/\/mindkids.net\/novo\/professores\/\"},{\"@type\":\"ListItem\",\"position\":3,\"name\":\"Peterson Salom\u00e3o e Alves\"}]},{\"@type\":\"WebSite\",\"@id\":\"https:\/\/mindkids.net\/novo\/#website\",\"url\":\"https:\/\/mindkids.net\/novo\/\",\"name\":\"MindKids\",\"description\":\"\",\"potentialAction\":[{\"@type\":\"SearchAction\",\"target\":{\"@type\":\"EntryPoint\",\"urlTemplate\":\"https:\/\/mindkids.net\/novo\/?s={search_term_string}\"},\"query-input\":{\"@type\":\"PropertyValueSpecification\",\"valueRequired\":true,\"valueName\":\"search_term_string\"}}],\"inLanguage\":\"pt-BR\"}]}<\/script>\n<!-- \/ Yoast SEO plugin. -->","yoast_head_json":{"title":"Peterson Salom\u00e3o e Alves - MindKids","robots":{"index":"index","follow":"follow","max-snippet":"max-snippet:-1","max-image-preview":"max-image-preview:large","max-video-preview":"max-video-preview:-1"},"canonical":"https:\/\/mindkids.net\/novo\/professores\/peterson-salomao-e-alves\/","og_locale":"pt_BR","og_type":"article","og_title":"Peterson Salom\u00e3o e Alves - MindKids","og_description":"Coordenador pedag\u00f3gico da rede p\u00fablica de ensino, p\u00f3s-graduado em Gest\u00e3o Escolar, Psicopedagogia, Educa\u00e7\u00e3o Ambiental e Doc\u00eancia da Medita\u00e7\u00e3o; tem forma\u00e7\u00e3o em Yoga para Crian\u00e7as, Yoga na Escola &amp; Medita\u00e7\u00e3o L\u00fadica pelo M\u00e9todo Yoga com Hist\u00f3rias e, ainda, capacita\u00e7\u00e3o em Mindfulness para Sala de Aula pela MindKids. \u00c9 tamb\u00e9m facilitador autorizado de Medita\u00e7\u00f5es Ativas pelo m\u00e9todo [&hellip;]","og_url":"https:\/\/mindkids.net\/novo\/professores\/peterson-salomao-e-alves\/","og_site_name":"MindKids","article_modified_time":"2023-01-11T20:59:56+00:00","og_image":[{"width":388,"height":368,"url":"https:\/\/mindkids.net\/novo\/wp-content\/uploads\/2023\/01\/PETERSON-SALOMAO.jpg","type":"image\/jpeg"}],"twitter_card":"summary_large_image","twitter_misc":{"Est. tempo de leitura":"1 minuto"},"schema":{"@context":"https:\/\/schema.org","@graph":[{"@type":"WebPage","@id":"https:\/\/mindkids.net\/novo\/professores\/peterson-salomao-e-alves\/","url":"https:\/\/mindkids.net\/novo\/professores\/peterson-salomao-e-alves\/","name":"Peterson Salom\u00e3o e Alves - MindKids","isPartOf":{"@id":"https:\/\/mindkids.net\/novo\/#website"},"primaryImageOfPage":{"@id":"https:\/\/mindkids.net\/novo\/professores\/peterson-salomao-e-alves\/#primaryimage"},"image":{"@id":"https:\/\/mindkids.net\/novo\/professores\/peterson-salomao-e-alves\/#primaryimage"},"thumbnailUrl":"https:\/\/mindkids.net\/novo\/wp-content\/uploads\/2023\/01\/PETERSON-SALOMAO.jpg","datePublished":"2023-01-11T20:54:49+00:00","dateModified":"2023-01-11T20:59:56+00:00","breadcrumb":{"@id":"https:\/\/mindkids.net\/novo\/professores\/peterson-salomao-e-alves\/#breadcrumb"},"inLanguage":"pt-BR","potentialAction":[{"@type":"ReadAction","target":["https:\/\/mindkids.net\/novo\/professores\/peterson-salomao-e-alves\/"]}]},{"@type":"ImageObject","inLanguage":"pt-BR","@id":"https:\/\/mindkids.net\/novo\/professores\/peterson-salomao-e-alves\/#primaryimage","url":"https:\/\/mindkids.net\/novo\/wp-content\/uploads\/2023\/01\/PETERSON-SALOMAO.jpg","contentUrl":"https:\/\/mindkids.net\/novo\/wp-content\/uploads\/2023\/01\/PETERSON-SALOMAO.jpg","width":388,"height":368},{"@type":"BreadcrumbList","@id":"https:\/\/mindkids.net\/novo\/professores\/peterson-salomao-e-alves\/#breadcrumb","itemListElement":[{"@type":"ListItem","position":1,"name":"In\u00edcio","item":"https:\/\/mindkids.net\/novo\/"},{"@type":"ListItem","position":2,"name":"Professores","item":"https:\/\/mindkids.net\/novo\/professores\/"},{"@type":"ListItem","position":3,"name":"Peterson Salom\u00e3o e Alves"}]},{"@type":"WebSite","@id":"https:\/\/mindkids.net\/novo\/#website","url":"https:\/\/mindkids.net\/novo\/","name":"MindKids","description":"","potentialAction":[{"@type":"SearchAction","target":{"@type":"EntryPoint","urlTemplate":"https:\/\/mindkids.net\/novo\/?s={search_term_string}"},"query-input":{"@type":"PropertyValueSpecification","valueRequired":true,"valueName":"search_term_string"}}],"inLanguage":"pt-BR"}]}},"_links":{"self":[{"href":"https:\/\/mindkids.net\/novo\/wp-json\/wp\/v2\/professores\/11370"}],"collection":[{"href":"https:\/\/mindkids.net\/novo\/wp-json\/wp\/v2\/professores"}],"about":[{"href":"https:\/\/mindkids.net\/novo\/wp-json\/wp\/v2\/types\/professores"}],"wp:featuredmedia":[{"embeddable":true,"href":"https:\/\/mindkids.net\/novo\/wp-json\/wp\/v2\/media\/11371"}],"wp:attachment":[{"href":"https:\/\/mindkids.net\/novo\/wp-json\/wp\/v2\/media?parent=11370"}],"wp:term":[{"taxonomy":"bairro-professores","embeddable":true,"href":"https:\/\/mindkids.net\/novo\/wp-json\/wp\/v2\/bairro-professores?post=11370"}],"curies":[{"name":"wp","href":"https:\/\/api.w.org\/{rel}","templated":true}]}}